{"id":1951,"date":"2021-03-28T23:23:03","date_gmt":"2021-03-28T21:23:03","guid":{"rendered":"https:\/\/164.92.128.162\/productores\/"},"modified":"2025-02-25T15:44:24","modified_gmt":"2025-02-25T14:44:24","slug":"produtores","status":"publish","type":"page","link":"https:\/\/ruralourbano.com\/gl\/produtores\/","title":{"rendered":"Produtores"},"content":{"rendered":"\n  <div class=\"banner has-hover\" id=\"banner-1077738208\">\n          <div class=\"banner-inner fill\">\n        <div class=\"banner-bg fill\" >\n            <img loading=\"lazy\" decoding=\"async\" width=\"1920\" height=\"2560\" src=\"https:\/\/ruralourbano.com\/wp-content\/uploads\/2025\/02\/Elementos-de-antano-scaled.jpg\" class=\"bg attachment-original size-original\" alt=\"\" \/>                                    \n                    <\/div>\n\t\t\n        <div class=\"banner-layers container\">\n            <div class=\"fill banner-link\"><\/div>            \n   <div id=\"text-box-63927756\" class=\"text-box banner-layer x50 md-x50 lg-x50 y50 md-y50 lg-y50 res-text\">\n                     <div data-animate=\"blurIn\">           <div class=\"text-box-content text dark\">\n              \n              <div class=\"text-inner text-center\">\n                  \n\t<div id=\"text-917234229\" class=\"text\">\n\t\t\n<h1 style=\"text-align: center;\"><b>Produtores locais <\/b>de Lugo<\/h1>\n\t\t\n<style>\n#text-917234229 {\n  font-size: 1.25rem;\n  line-height: 2.5;\n  text-align: center;\n}\n@media (min-width:550px) {\n  #text-917234229 {\n    text-align: center;\n  }\n}\n<\/style>\n\t<\/div>\n\t\n              <\/div>\n           <\/div>\n       <\/div>                     \n<style>\n#text-box-63927756 {\n  width: 97%;\n}\n#text-box-63927756 .text-box-content {\n  font-size: 100%;\n}\n@media (min-width:550px) {\n  #text-box-63927756 {\n    width: 73%;\n  }\n}\n<\/style>\n    <\/div>\n \n        <\/div>\n      <\/div>\n\n            \n<style>\n#banner-1077738208 {\n  padding-top: 50%;\n}\n#banner-1077738208 .banner-bg img {\n  object-position: 67% 24%;\n}\n@media (min-width:550px) {\n  #banner-1077738208 {\n    padding-top: 350px;\n  }\n}\n<\/style>\n  <\/div>\n\n\n<div class=\"row\"  id=\"row-1775287093\">\n\n\t<div id=\"col-1770124860\" class=\"col small-12 large-12\"  >\n\t\t\t\t<div class=\"col-inner text-center\"  >\n\t\t\t\n\t\t\t\n\t<div id=\"text-1013470205\" class=\"text\">\n\t\t\n<h2 class=\"soleil\" style=\"color: #718139; text-align: center;\"><strong>PRODUTORES<\/strong><\/h2>\n<h2 style=\"text-align: center;\"><span style=\"font-size: 130%;\">&#8220;Apostamos polo noso poder local.&#8221;<\/span><\/h2>\n<p>En<strong> Rural o Urbano<\/strong> ofrecemos unha exclusiva selecci\u00f3n de produtos gastron\u00f3micos locais de <strong>Lugo<\/strong>, elaborados por pequenos produtores locais.<br \/>\n\t\t\n<style>\n#text-1013470205 {\n  font-size: 1.25rem;\n  text-align: center;\n}\n@media (min-width:550px) {\n  #text-1013470205 {\n    font-size: 1.25rem;\n    text-align: center;\n  }\n}\n<\/style>\n\t<\/div>\n\t\n\t<div id=\"text-954717284\" class=\"text\">\n\t\t\n<h2><strong>Bota unha ollada a cada un deles!<\/strong><\/h2>\n\t\t\n<style>\n#text-954717284 {\n  font-size: 1.75rem;\n}\n@media (min-width:550px) {\n  #text-954717284 {\n    font-size: 1.75rem;\n  }\n}\n<\/style>\n\t<\/div>\n\t\n\t<div id=\"gap-1976069872\" class=\"gap-element clearfix\" style=\"display:block; height:auto;\">\n\t\t\n<style>\n#gap-1976069872 {\n  padding-top: 30px;\n}\n<\/style>\n\t<\/div>\n\t\n<div id=\"portfolio-813497002\" class=\"portfolio-element-wrapper has-filtering\">\n  \n    <div class=\"row large-columns-4 medium-columns-3 small-columns-2 row-normal row-full-width slider row-slider slider-nav-reveal slider-nav-push\"  data-flickity-options='{&quot;imagesLoaded&quot;: true, &quot;groupCells&quot;: &quot;100%&quot;, &quot;dragThreshold&quot; : 5, &quot;cellAlign&quot;: &quot;left&quot;,&quot;wrapAround&quot;: true,&quot;prevNextButtons&quot;: true,&quot;percentPosition&quot;: true,&quot;pageDots&quot;: false, &quot;rightToLeft&quot;: false, &quot;autoPlay&quot; : 2000}' >\n\n    <div class=\"col\" data-terms=\"[&quot;Doce&quot;]\" >\n          <div class=\"col-inner\" >\n          <a href=\"https:\/\/ruralourbano.com\/gl\/productores\/doce\/xianas\/\" class=\"plain \">\n          <div class=\"portfolio-box box has-hover box-normal\">\n            <div class=\"box-image\" >\n                <div class=\"image-cover\" style=\"padding-top:200%;\">\n                <img loading=\"lazy\" decoding=\"async\" width=\"1920\" height=\"2560\" src=\"https:\/\/ruralourbano.com\/wp-content\/uploads\/2023\/04\/Xianas-originales4-scaled.jpg\" class=\"attachment-original size-original\" alt=\"\" srcset=\"https:\/\/ruralourbano.com\/wp-content\/uploads\/2023\/04\/Xianas-originales4-scaled.jpg 1920w, https:\/\/ruralourbano.com\/wp-content\/uploads\/2023\/04\/Xianas-originales4-300x400.jpg 300w, https:\/\/ruralourbano.com\/wp-content\/uploads\/2023\/04\/Xianas-originales4-600x800.jpg 600w, https:\/\/ruralourbano.com\/wp-content\/uploads\/2023\/04\/Xianas-originales4-768x1024.jpg 768w, https:\/\/ruralourbano.com\/wp-content\/uploads\/2023\/04\/Xianas-originales4-1152x1536.jpg 1152w, https:\/\/ruralourbano.com\/wp-content\/uploads\/2023\/04\/Xianas-originales4-1536x2048.jpg 1536w, https:\/\/ruralourbano.com\/wp-content\/uploads\/2023\/04\/Xianas-originales4-510x680.jpg 510w\" sizes=\"auto, (max-width: 1920px) 100vw, 1920px\" \/>                                                <\/div>\n            <\/div>\n            <div class=\"box-text text-center is-large\" >\n                  <div class=\"box-text-inner\">\n                      <h6 class=\"uppercase portfolio-box-title\">Xianas<\/h6>\n                      <p class=\"uppercase portfolio-box-category is-xsmall op-6\">\n                        <span class=\"show-on-hover\">\n                         Doce                        <\/span>\n                      <\/p>\n                  <\/div>\n            <\/div>\n           <\/div>\n           <\/a>\n           <\/div>\n           <\/div><div class=\"col\" data-terms=\"[&quot;Queixos&quot;]\" >\n          <div class=\"col-inner\" >\n          <a href=\"https:\/\/ruralourbano.com\/gl\/productores\/queixos\/ganderia-quintian\/\" class=\"plain \">\n          <div class=\"portfolio-box box has-hover box-normal\">\n            <div class=\"box-image\" >\n                <div class=\"image-cover\" style=\"padding-top:200%;\">\n                <img loading=\"lazy\" decoding=\"async\" width=\"750\" height=\"1016\" src=\"https:\/\/ruralourbano.com\/wp-content\/uploads\/2016\/08\/Vacas1.jpg\" class=\"attachment-original size-original\" alt=\"\" srcset=\"https:\/\/ruralourbano.com\/wp-content\/uploads\/2016\/08\/Vacas1.jpg 750w, https:\/\/ruralourbano.com\/wp-content\/uploads\/2016\/08\/Vacas1-295x400.jpg 295w, https:\/\/ruralourbano.com\/wp-content\/uploads\/2016\/08\/Vacas1-591x800.jpg 591w, https:\/\/ruralourbano.com\/wp-content\/uploads\/2016\/08\/Vacas1-510x691.jpg 510w\" sizes=\"auto, (max-width: 750px) 100vw, 750px\" \/>                                                <\/div>\n            <\/div>\n            <div class=\"box-text text-center is-large\" >\n                  <div class=\"box-text-inner\">\n                      <h6 class=\"uppercase portfolio-box-title\">Gander\u00eda Quinti\u00e1n<\/h6>\n                      <p class=\"uppercase portfolio-box-category is-xsmall op-6\">\n                        <span class=\"show-on-hover\">\n                         Queixos                        <\/span>\n                      <\/p>\n                  <\/div>\n            <\/div>\n           <\/div>\n           <\/a>\n           <\/div>\n           <\/div><div class=\"col\" data-terms=\"[&quot;Vermouth&quot;]\" >\n          <div class=\"col-inner\" >\n          <a href=\"https:\/\/ruralourbano.com\/gl\/productores\/vermouth-gl\/el-riba\/\" class=\"plain \">\n          <div class=\"portfolio-box box has-hover box-normal\">\n            <div class=\"box-image\" >\n                <div class=\"image-cover\" style=\"padding-top:200%;\">\n                <img loading=\"lazy\" decoding=\"async\" width=\"1170\" height=\"2532\" src=\"https:\/\/ruralourbano.com\/wp-content\/uploads\/2021\/12\/Botellas-El-Riba2.jpg\" class=\"attachment-original size-original\" alt=\"\" srcset=\"https:\/\/ruralourbano.com\/wp-content\/uploads\/2021\/12\/Botellas-El-Riba2.jpg 1170w, https:\/\/ruralourbano.com\/wp-content\/uploads\/2021\/12\/Botellas-El-Riba2-185x400.jpg 185w, https:\/\/ruralourbano.com\/wp-content\/uploads\/2021\/12\/Botellas-El-Riba2-370x800.jpg 370w, https:\/\/ruralourbano.com\/wp-content\/uploads\/2021\/12\/Botellas-El-Riba2-768x1662.jpg 768w, https:\/\/ruralourbano.com\/wp-content\/uploads\/2021\/12\/Botellas-El-Riba2-710x1536.jpg 710w, https:\/\/ruralourbano.com\/wp-content\/uploads\/2021\/12\/Botellas-El-Riba2-946x2048.jpg 946w, https:\/\/ruralourbano.com\/wp-content\/uploads\/2021\/12\/Botellas-El-Riba2-510x1104.jpg 510w\" sizes=\"auto, (max-width: 1170px) 100vw, 1170px\" \/>                                                <\/div>\n            <\/div>\n            <div class=\"box-text text-center is-large\" >\n                  <div class=\"box-text-inner\">\n                      <h6 class=\"uppercase portfolio-box-title\">El Riba<\/h6>\n                      <p class=\"uppercase portfolio-box-category is-xsmall op-6\">\n                        <span class=\"show-on-hover\">\n                         Vermouth                        <\/span>\n                      <\/p>\n                  <\/div>\n            <\/div>\n           <\/div>\n           <\/a>\n           <\/div>\n           <\/div><div class=\"col\" data-terms=\"[&quot;Doce&quot;]\" >\n          <div class=\"col-inner\" >\n          <a href=\"https:\/\/ruralourbano.com\/gl\/productores\/doce\/doces-da-ulloa\/\" class=\"plain \">\n          <div class=\"portfolio-box box has-hover box-normal\">\n            <div class=\"box-image\" >\n                <div class=\"image-cover\" style=\"padding-top:200%;\">\n                <img loading=\"lazy\" decoding=\"async\" width=\"1920\" height=\"2560\" src=\"https:\/\/ruralourbano.com\/wp-content\/uploads\/2022\/11\/Doces-da-Ulloa1-scaled.jpg\" class=\"attachment-original size-original\" alt=\"\" srcset=\"https:\/\/ruralourbano.com\/wp-content\/uploads\/2022\/11\/Doces-da-Ulloa1-scaled.jpg 1920w, https:\/\/ruralourbano.com\/wp-content\/uploads\/2022\/11\/Doces-da-Ulloa1-300x400.jpg 300w, https:\/\/ruralourbano.com\/wp-content\/uploads\/2022\/11\/Doces-da-Ulloa1-600x800.jpg 600w, https:\/\/ruralourbano.com\/wp-content\/uploads\/2022\/11\/Doces-da-Ulloa1-768x1024.jpg 768w, https:\/\/ruralourbano.com\/wp-content\/uploads\/2022\/11\/Doces-da-Ulloa1-1152x1536.jpg 1152w, https:\/\/ruralourbano.com\/wp-content\/uploads\/2022\/11\/Doces-da-Ulloa1-1536x2048.jpg 1536w, https:\/\/ruralourbano.com\/wp-content\/uploads\/2022\/11\/Doces-da-Ulloa1-510x680.jpg 510w\" sizes=\"auto, (max-width: 1920px) 100vw, 1920px\" \/>                                                <\/div>\n            <\/div>\n            <div class=\"box-text text-center is-large\" >\n                  <div class=\"box-text-inner\">\n                      <h6 class=\"uppercase portfolio-box-title\">Doces da Ulloa<\/h6>\n                      <p class=\"uppercase portfolio-box-category is-xsmall op-6\">\n                        <span class=\"show-on-hover\">\n                         Doce                        <\/span>\n                      <\/p>\n                  <\/div>\n            <\/div>\n           <\/div>\n           <\/a>\n           <\/div>\n           <\/div><div class=\"col\" data-terms=\"[&quot;Doce&quot;]\" >\n          <div class=\"col-inner\" >\n          <a href=\"https:\/\/ruralourbano.com\/gl\/productores\/doce\/dabella\/\" class=\"plain \">\n          <div class=\"portfolio-box box has-hover box-normal\">\n            <div class=\"box-image\" >\n                <div class=\"image-cover\" style=\"padding-top:200%;\">\n                <img loading=\"lazy\" decoding=\"async\" width=\"1920\" height=\"2560\" src=\"https:\/\/ruralourbano.com\/wp-content\/uploads\/2021\/11\/Dabella8-scaled.jpg\" class=\"attachment-original size-original\" alt=\"\" srcset=\"https:\/\/ruralourbano.com\/wp-content\/uploads\/2021\/11\/Dabella8-scaled.jpg 1920w, https:\/\/ruralourbano.com\/wp-content\/uploads\/2021\/11\/Dabella8-300x400.jpg 300w, https:\/\/ruralourbano.com\/wp-content\/uploads\/2021\/11\/Dabella8-600x800.jpg 600w, https:\/\/ruralourbano.com\/wp-content\/uploads\/2021\/11\/Dabella8-768x1024.jpg 768w, https:\/\/ruralourbano.com\/wp-content\/uploads\/2021\/11\/Dabella8-1152x1536.jpg 1152w, https:\/\/ruralourbano.com\/wp-content\/uploads\/2021\/11\/Dabella8-1536x2048.jpg 1536w, https:\/\/ruralourbano.com\/wp-content\/uploads\/2021\/11\/Dabella8-510x680.jpg 510w\" sizes=\"auto, (max-width: 1920px) 100vw, 1920px\" \/>                                                <\/div>\n            <\/div>\n            <div class=\"box-text text-center is-large\" >\n                  <div class=\"box-text-inner\">\n                      <h6 class=\"uppercase portfolio-box-title\">D&#8217;Abella<\/h6>\n                      <p class=\"uppercase portfolio-box-category is-xsmall op-6\">\n                        <span class=\"show-on-hover\">\n                         Doce                        <\/span>\n                      <\/p>\n                  <\/div>\n            <\/div>\n           <\/div>\n           <\/a>\n           <\/div>\n           <\/div><div class=\"col\" data-terms=\"[&quot;Cervexa&quot;]\" >\n          <div class=\"col-inner\" >\n          <a href=\"https:\/\/ruralourbano.com\/gl\/productores\/cerveza-gl\/cervexa-artesa-aloumina\/\" class=\"plain \">\n          <div class=\"portfolio-box box has-hover box-normal\">\n            <div class=\"box-image\" >\n                <div class=\"image-cover\" style=\"padding-top:200%;\">\n                <img loading=\"lazy\" decoding=\"async\" width=\"2105\" height=\"2560\" src=\"https:\/\/ruralourbano.com\/wp-content\/uploads\/2022\/11\/Logo-Aloumin\u0303a-en-caja-scaled.jpg\" class=\"attachment-original size-original\" alt=\"\" srcset=\"https:\/\/ruralourbano.com\/wp-content\/uploads\/2022\/11\/Logo-Aloumin\u0303a-en-caja-scaled.jpg 2105w, https:\/\/ruralourbano.com\/wp-content\/uploads\/2022\/11\/Logo-Aloumin\u0303a-en-caja-329x400.jpg 329w, https:\/\/ruralourbano.com\/wp-content\/uploads\/2022\/11\/Logo-Aloumin\u0303a-en-caja-658x800.jpg 658w, https:\/\/ruralourbano.com\/wp-content\/uploads\/2022\/11\/Logo-Aloumin\u0303a-en-caja-768x934.jpg 768w, https:\/\/ruralourbano.com\/wp-content\/uploads\/2022\/11\/Logo-Aloumin\u0303a-en-caja-1263x1536.jpg 1263w, https:\/\/ruralourbano.com\/wp-content\/uploads\/2022\/11\/Logo-Aloumin\u0303a-en-caja-1684x2048.jpg 1684w, https:\/\/ruralourbano.com\/wp-content\/uploads\/2022\/11\/Logo-Aloumin\u0303a-en-caja-510x620.jpg 510w\" sizes=\"auto, (max-width: 2105px) 100vw, 2105px\" \/>                                                <\/div>\n            <\/div>\n            <div class=\"box-text text-center is-large\" >\n                  <div class=\"box-text-inner\">\n                      <h6 class=\"uppercase portfolio-box-title\">Cervexa Artes\u00e1 Aloumi\u00f1a<\/h6>\n                      <p class=\"uppercase portfolio-box-category is-xsmall op-6\">\n                        <span class=\"show-on-hover\">\n                         Cervexa                        <\/span>\n                      <\/p>\n                  <\/div>\n            <\/div>\n           <\/div>\n           <\/a>\n           <\/div>\n           <\/div><div class=\"col\" data-terms=\"[&quot;Vi\u00f1os&quot;]\" >\n          <div class=\"col-inner\" >\n          <a href=\"https:\/\/ruralourbano.com\/gl\/productores\/vinos-gl\/bodega-ribada\/\" class=\"plain \">\n          <div class=\"portfolio-box box has-hover box-normal\">\n            <div class=\"box-image\" >\n                <div class=\"image-cover\" style=\"padding-top:200%;\">\n                <img loading=\"lazy\" decoding=\"async\" width=\"1920\" height=\"2560\" src=\"https:\/\/ruralourbano.com\/wp-content\/uploads\/2021\/12\/Bodega-Ribada9-scaled.jpg\" class=\"attachment-original size-original\" alt=\"\" srcset=\"https:\/\/ruralourbano.com\/wp-content\/uploads\/2021\/12\/Bodega-Ribada9-scaled.jpg 1920w, https:\/\/ruralourbano.com\/wp-content\/uploads\/2021\/12\/Bodega-Ribada9-300x400.jpg 300w, https:\/\/ruralourbano.com\/wp-content\/uploads\/2021\/12\/Bodega-Ribada9-600x800.jpg 600w, https:\/\/ruralourbano.com\/wp-content\/uploads\/2021\/12\/Bodega-Ribada9-768x1024.jpg 768w, https:\/\/ruralourbano.com\/wp-content\/uploads\/2021\/12\/Bodega-Ribada9-1152x1536.jpg 1152w, https:\/\/ruralourbano.com\/wp-content\/uploads\/2021\/12\/Bodega-Ribada9-1536x2048.jpg 1536w, https:\/\/ruralourbano.com\/wp-content\/uploads\/2021\/12\/Bodega-Ribada9-510x680.jpg 510w\" sizes=\"auto, (max-width: 1920px) 100vw, 1920px\" \/>                                                <\/div>\n            <\/div>\n            <div class=\"box-text text-center is-large\" >\n                  <div class=\"box-text-inner\">\n                      <h6 class=\"uppercase portfolio-box-title\">Bodega Ribada<\/h6>\n                      <p class=\"uppercase portfolio-box-category is-xsmall op-6\">\n                        <span class=\"show-on-hover\">\n                         Vi\u00f1os                        <\/span>\n                      <\/p>\n                  <\/div>\n            <\/div>\n           <\/div>\n           <\/a>\n           <\/div>\n           <\/div><div class=\"col\" data-terms=\"[&quot;Doce&quot;]\" >\n          <div class=\"col-inner\" >\n          <a href=\"https:\/\/ruralourbano.com\/gl\/productores\/doce\/arandanos-del-alba\/\" class=\"plain \">\n          <div class=\"portfolio-box box has-hover box-normal\">\n            <div class=\"box-image\" >\n                <div class=\"image-cover\" style=\"padding-top:200%;\">\n                <img loading=\"lazy\" decoding=\"async\" width=\"1920\" height=\"2560\" src=\"https:\/\/ruralourbano.com\/wp-content\/uploads\/2021\/12\/Mermelada-arandanos-Del-Alba2-scaled.jpg\" class=\"attachment-original size-original\" alt=\"\" srcset=\"https:\/\/ruralourbano.com\/wp-content\/uploads\/2021\/12\/Mermelada-arandanos-Del-Alba2-scaled.jpg 1920w, https:\/\/ruralourbano.com\/wp-content\/uploads\/2021\/12\/Mermelada-arandanos-Del-Alba2-300x400.jpg 300w, https:\/\/ruralourbano.com\/wp-content\/uploads\/2021\/12\/Mermelada-arandanos-Del-Alba2-600x800.jpg 600w, https:\/\/ruralourbano.com\/wp-content\/uploads\/2021\/12\/Mermelada-arandanos-Del-Alba2-768x1024.jpg 768w, https:\/\/ruralourbano.com\/wp-content\/uploads\/2021\/12\/Mermelada-arandanos-Del-Alba2-1152x1536.jpg 1152w, https:\/\/ruralourbano.com\/wp-content\/uploads\/2021\/12\/Mermelada-arandanos-Del-Alba2-1536x2048.jpg 1536w, https:\/\/ruralourbano.com\/wp-content\/uploads\/2021\/12\/Mermelada-arandanos-Del-Alba2-510x680.jpg 510w\" sizes=\"auto, (max-width: 1920px) 100vw, 1920px\" \/>                                                <\/div>\n            <\/div>\n            <div class=\"box-text text-center is-large\" >\n                  <div class=\"box-text-inner\">\n                      <h6 class=\"uppercase portfolio-box-title\">Ar\u00e1ndanos del Alba<\/h6>\n                      <p class=\"uppercase portfolio-box-category is-xsmall op-6\">\n                        <span class=\"show-on-hover\">\n                         Doce                        <\/span>\n                      <\/p>\n                  <\/div>\n            <\/div>\n           <\/div>\n           <\/a>\n           <\/div>\n           <\/div><\/div><\/div>\n\t<div id=\"text-4247872019\" class=\"text\">\n\t\t\n<p>Cada <strong>produtor local<\/strong> co que traballamos foi coidadosamente seleccionado pola s\u00faa calidade, o seu compromiso coa tradici\u00f3n e a s\u00faa filosof\u00eda de traballo sostible e responsable.<br \/>\n\t\t\n<style>\n#text-4247872019 {\n  font-size: 1.25rem;\n  text-align: center;\n}\n@media (min-width:550px) {\n  #text-4247872019 {\n    font-size: 1.25rem;\n    text-align: center;\n  }\n}\n<\/style>\n\t<\/div>\n\t\n\t<div id=\"text-3607379225\" class=\"text\">\n\t\t\n<h2>Ao promover os seus proxectos locais, estamos a po\u00f1er en valor a <strong>nosa identidade e a nosa cultura<\/strong>.<\/h2>\n\t\t\n<style>\n#text-3607379225 {\n  font-size: 1.75rem;\n  line-height: 1.85;\n  text-align: center;\n}\n@media (min-width:550px) {\n  #text-3607379225 {\n    font-size: 1.75rem;\n  }\n}\n<\/style>\n\t<\/div>\n\t\n\t<div id=\"text-3615893922\" class=\"text\">\n\t\t\n<p>Queremos despertar emociones y resaltar la belleza del rural, a la vez que impulsamos la <strong>econom\u00eda local<\/strong> y construimos un<strong> futuro m\u00e1s sostenible <\/strong>para nuestro medio ambiente.<br \/>\n\t\t\n<style>\n#text-3615893922 {\n  font-size: 1.25rem;\n  text-align: center;\n}\n@media (min-width:550px) {\n  #text-3615893922 {\n    font-size: 1.25rem;\n    text-align: center;\n  }\n}\n<\/style>\n\t<\/div>\n\t\n\t<div id=\"text-3344518646\" class=\"text\">\n\t\t\n<h2 style=\"text-align: center;\"><span style=\"font-size: 130%;\">PROVINCIA DE LUGO<\/span><\/h2>\n<h2 style=\"text-align: center;\"><span style=\"font-size: 130%;\">Co\u00f1ece o noso territorio e descobre onde se localizan os nosos <strong>produtores locais<\/strong>.<\/span><\/h2>\n\t\t\n<style>\n#text-3344518646 {\n  font-size: 0.75rem;\n  text-align: center;\n}\n@media (min-width:550px) {\n  #text-3344518646 {\n    text-align: center;\n  }\n}\n<\/style>\n\t<\/div>\n\t\n<p><iframe loading=\"lazy\" src=\"https:\/\/www.google.com\/maps\/d\/embed?mid=1eHklqXp35jePiJnSHeVsbg_raJM5yaWj&amp;ehbc=2E312F\" width=\"640\" height=\"480\" data-mce-fragment=\"1\"><\/iframe><\/p>\n\t<div id=\"gap-1467576510\" class=\"gap-element clearfix\" style=\"display:block; height:auto;\">\n\t\t\n<style>\n#gap-1467576510 {\n  padding-top: 30px;\n}\n@media (min-width:550px) {\n  #gap-1467576510 {\n    padding-top: 50px;\n  }\n}\n<\/style>\n\t<\/div>\n\t\n\t<div id=\"text-3034016288\" class=\"text\">\n\t\t\n<h2><strong>A gastronom\u00eda galega levanta paix\u00f3ns.<\/strong><\/h2>\n<h2>Por iso <strong>Rural o Urbano<\/strong> pon en valor a gastronom\u00eda local de <strong>Lugo<\/strong>.<\/h2>\n\t\t\n<style>\n#text-3034016288 {\n  font-size: 1.5rem;\n}\n@media (min-width:550px) {\n  #text-3034016288 {\n    font-size: 1.65rem;\n  }\n}\n<\/style>\n\t<\/div>\n\t\n<a href=\"https:\/\/ruralourbano.com\/en\/boutique\/\" class=\"button primary is-large\"  style=\"border-radius:99px;\">\n    <span>MERCAR<\/span>\n  <\/a>\n\n\t\t<\/div>\n\t\t\t\t\t<\/div>\n\n\t\n<\/div>\n<div class=\"row\"  id=\"row-374123085\">\n\n\t<div id=\"col-1734512498\" class=\"col small-12 large-12\"  >\n\t\t\t\t<div class=\"col-inner\"  >\n\t\t\t\n\t\t\t\n\t<div id=\"text-1427851802\" class=\"text\">\n\t\t\n<p style=\"text-align: center;\"><strong>Garantimos a m\u00e1xima transparencia e unha trazabilidade controlada<\/strong> en cada uns dous produtos gastron\u00f3micos cos que traballamos. Ambos os conceptos non s\u00f3 reforzan a confianza dos nosos clientes, sen\u00f3n que se converten en piares fundamentais para garantir a calidade, seguridade e autenticidade da venda online dos produtos.<\/p>\n\t\t\n<style>\n#text-1427851802 {\n  font-size: 1.25rem;\n  text-align: center;\n}\n@media (min-width:550px) {\n  #text-1427851802 {\n    text-align: left;\n  }\n}\n<\/style>\n\t<\/div>\n\t\n\t\t<\/div>\n\t\t\t\t\t<\/div>\n\n\t\n<\/div>\n","protected":false},"excerpt":{"rendered":"","protected":false},"author":1,"featured_media":0,"parent":0,"menu_order":0,"comment_status":"closed","ping_status":"closed","template":"page-blank.php","meta":{"inline_featured_image":false,"footnotes":""},"class_list":["post-1951","page","type-page","status-publish","hentry"],"jetpack_sharing_enabled":true,"_links":{"self":[{"href":"https:\/\/ruralourbano.com\/gl\/wp-json\/wp\/v2\/pages\/1951","targetHints":{"allow":["GET"]}}],"collection":[{"href":"https:\/\/ruralourbano.com\/gl\/wp-json\/wp\/v2\/pages"}],"about":[{"href":"https:\/\/ruralourbano.com\/gl\/wp-json\/wp\/v2\/types\/page"}],"author":[{"embeddable":true,"href":"https:\/\/ruralourbano.com\/gl\/wp-json\/wp\/v2\/users\/1"}],"replies":[{"embeddable":true,"href":"https:\/\/ruralourbano.com\/gl\/wp-json\/wp\/v2\/comments?post=1951"}],"version-history":[{"count":0,"href":"https:\/\/ruralourbano.com\/gl\/wp-json\/wp\/v2\/pages\/1951\/revisions"}],"wp:attachment":[{"href":"https:\/\/ruralourbano.com\/gl\/wp-json\/wp\/v2\/media?parent=1951"}],"curies":[{"name":"wp","href":"https:\/\/api.w.org\/{rel}","templated":true}]}}